{"id":17762,"date":"2024-07-23T11:08:29","date_gmt":"2024-07-23T17:08:29","guid":{"rendered":"https:\/\/www.sensorialsunsets.com\/?post_type=contributor&#038;p=17762"},"modified":"2024-07-23T11:08:30","modified_gmt":"2024-07-23T17:08:30","slug":"jose-gerardo-suarez","status":"publish","type":"contributor","link":"https:\/\/www.sensorialsunsets.com\/fr\/contributor\/jose-gerardo-suarez\/","title":{"rendered":"Jos\u00e9 Gerardo Su\u00e1rez"},"content":{"rendered":"\n<p>Jos\u00e9 Gerardo Su\u00e1rez, historien ind\u00e9pendant, transforme l&rsquo;histoire du Costa Rica gr\u00e2ce \u00e0 ses \u0153uvres visuelles et mondialement reconnues.<\/p>\n\n\n\n<hr class=\"wp-block-separator has-text-color has-alpha-channel-opacity has-background is-style-dots\" style=\"background-color:#004f5e;color:#004f5e\"\/>\n\n\n\n<p><\/p>\n\n\n\n<p>Jos\u00e9 Gerardo Su\u00e1rez est un historien ind\u00e9pendant dont le travail a \u00e9t\u00e9 essentiel pour comprendre les racines et l&rsquo;\u00e9volution du Costa Rica en tant que nation. <\/p>\n\n\n\n<p>Son parcours dans l&rsquo;historiographie costaricienne a commenc\u00e9 en 2015 avec son premier livre, <em><a href=\"https:\/\/www.facebook.com\/p\/Costa-Rica-Antigua-E-Inedita-100064863871550\/\">Costa Rica Antigua e In\u00e9dita<\/a><\/em>. Un ouvrage devenu une r\u00e9f\u00e9rence incontournable pour les chercheurs et les amoureux de l&rsquo;histoire du pays. Su\u00e1rez ne s&rsquo;arr\u00eate pas l\u00e0. Son ouvrage le plus r\u00e9cent, <em>Puntarenas : su historia<\/em> (2024), poursuit sa tradition en proposant des r\u00e9cits d\u00e9taill\u00e9s et captivants de l&rsquo;histoire du Costa Rica. <\/p>\n\n\n\n<p>Tout au long de sa carri\u00e8re, il s&rsquo;est attach\u00e9 \u00e0 raconter l&rsquo;histoire du Costa Rica \u00e0 travers des images, des textes et des chronologies pr\u00e9cises. Il permet de comprendre visuellement et en profondeur les \u00e9v\u00e9nements et les personnages qui ont fa\u00e7onn\u00e9 l&rsquo;identit\u00e9 du pays.<\/p>\n\n\n\n<h3 class=\"wp-block-heading\">Ses livres<\/h3>\n\n\n\n<p>Les livres de Su\u00e1rez d\u00e9passent les fronti\u00e8res, puisqu&rsquo;ils sont disponibles en espagnol et en anglais. On les trouve dans les librairies \u00e9ducatives, les centres culturels et entre les mains de lecteurs aux \u00c9tats-Unis, au Mexique et au Canada, entre autres. Des magazines internationaux, tels que <em>Howler Magazine<\/em>, ont reconnu son travail, amplifiant ainsi la visibilit\u00e9 de l&rsquo;histoire du Costa Rica \u00e0 l&rsquo;\u00e9tranger.<\/p>\n\n\n\n<p>En outre, les \u0153uvres de Su\u00e1rez sont largement utilis\u00e9es par les enseignants et les \u00e9tudiants pour explorer visuellement les \u00e9v\u00e9nements et les personnages historiques du Costa Rica. Son approche innovante et accessible a fait de son travail un outil pr\u00e9cieux pour l&rsquo;\u00e9ducation.<\/p>\n\n\n\n<p>Malgr\u00e9 ses nombreuses r\u00e9alisations, Jos\u00e9 Gerardo Su\u00e1rez continue de travailler sur de nouveaux projets avec pour mission de faire conna\u00eetre l&rsquo;histoire du Costa Rica \u00e0 un public mondial. <\/p>\n\n\n\n<p>Gr\u00e2ce \u00e0 son d\u00e9vouement et \u00e0 sa passion, Su\u00e1rez reste une figure centrale de l&rsquo;historiographie costaricienne, transformant la fa\u00e7on dont l&rsquo;histoire du Costa Rica est per\u00e7ue et appr\u00e9ci\u00e9e dans le monde entier.<\/p>\n\n\n\n<p><strong>Sensorial Sunsets<\/strong><\/p>\n","protected":false},"excerpt":{"rendered":"<p>Jos\u00e9 Gerardo Su\u00e1rez, historien ind\u00e9pendant, transforme l&rsquo;histoire du Costa Rica gr\u00e2ce \u00e0 ses \u0153uvres visuelles et mondialement reconnues. Jos\u00e9 Gerardo Su\u00e1rez est un historien ind\u00e9pendant dont le travail a \u00e9t\u00e9 essentiel pour comprendre les racines et l&rsquo;\u00e9volution du Costa Rica en tant que nation. Son parcours dans l&rsquo;historiographie costaricienne a commenc\u00e9 en 2015 avec son [&hellip;]<\/p>\n","protected":false},"author":4,"featured_media":17757,"template":"","class_list":["post-17762","contributor","type-contributor","status-publish","has-post-thumbnail","hentry"],"acf":[],"yoast_head":"<!-- This site is optimized with the Yoast SEO plugin v27.4 - https:\/\/yoast.com\/product\/yoast-seo-wordpress\/ -->\n<title>Jos\u00e9 Gerardo Su\u00e1rez - SensorialSunsets<\/title>\n<meta name=\"description\" content=\"Jos\u00e9 Gerardo Su\u00e1rez, historien ind\u00e9pendant, transforme l&#039;histoire du Costa Rica gr\u00e2ce \u00e0 ses \u0153uvres visuelles et mondialement reconnues.\" \/>\n<meta name=\"robots\" content=\"index, follow, max-snippet:-1, max-image-preview:large, max-video-preview:-1\" \/>\n<link rel=\"canonical\" href=\"https:\/\/www.sensorialsunsets.com\/fr\/contributor\/jose-gerardo-suarez\/\" \/>\n<meta property=\"og:locale\" content=\"fr_FR\" \/>\n<meta property=\"og:type\" content=\"article\" \/>\n<meta property=\"og:title\" content=\"Jos\u00e9 Gerardo Su\u00e1rez - SensorialSunsets\" \/>\n<meta property=\"og:description\" content=\"Jos\u00e9 Gerardo Su\u00e1rez, historien ind\u00e9pendant, transforme l&#039;histoire du Costa Rica gr\u00e2ce \u00e0 ses \u0153uvres visuelles et mondialement reconnues.\" \/>\n<meta property=\"og:url\" content=\"https:\/\/www.sensorialsunsets.com\/fr\/contributor\/jose-gerardo-suarez\/\" \/>\n<meta property=\"og:site_name\" content=\"SensorialSunsets\" \/>\n<meta property=\"article:publisher\" content=\"https:\/\/www.facebook.com\/Sensorial-Sunsets-109180614715562\" \/>\n<meta property=\"article:modified_time\" content=\"2024-07-23T17:08:30+00:00\" \/>\n<meta property=\"og:image\" content=\"https:\/\/www.sensorialsunsets.com\/wp-content\/uploads\/2024\/07\/Jose-Gerardo-Suarez.png\" \/>\n\t<meta property=\"og:image:width\" content=\"840\" \/>\n\t<meta property=\"og:image:height\" content=\"350\" \/>\n\t<meta property=\"og:image:type\" content=\"image\/png\" \/>\n<meta name=\"twitter:card\" content=\"summary_large_image\" \/>\n<meta name=\"twitter:label1\" content=\"Dur\u00e9e de lecture estim\u00e9e\" \/>\n\t<meta name=\"twitter:data1\" content=\"2 minutes\" \/>\n<script type=\"application\/ld+json\" class=\"yoast-schema-graph\">{\"@context\":\"https:\\\/\\\/schema.org\",\"@graph\":[{\"@type\":\"WebPage\",\"@id\":\"https:\\\/\\\/www.sensorialsunsets.com\\\/fr\\\/contributor\\\/jose-gerardo-suarez\\\/\",\"url\":\"https:\\\/\\\/www.sensorialsunsets.com\\\/fr\\\/contributor\\\/jose-gerardo-suarez\\\/\",\"name\":\"Jos\u00e9 Gerardo Su\u00e1rez - SensorialSunsets\",\"isPartOf\":{\"@id\":\"https:\\\/\\\/www.sensorialsunsets.com\\\/fr\\\/#website\"},\"primaryImageOfPage\":{\"@id\":\"https:\\\/\\\/www.sensorialsunsets.com\\\/fr\\\/contributor\\\/jose-gerardo-suarez\\\/#primaryimage\"},\"image\":{\"@id\":\"https:\\\/\\\/www.sensorialsunsets.com\\\/fr\\\/contributor\\\/jose-gerardo-suarez\\\/#primaryimage\"},\"thumbnailUrl\":\"https:\\\/\\\/www.sensorialsunsets.com\\\/wp-content\\\/uploads\\\/2024\\\/07\\\/Jose-Gerardo-Suarez.png\",\"datePublished\":\"2024-07-23T17:08:29+00:00\",\"dateModified\":\"2024-07-23T17:08:30+00:00\",\"description\":\"Jos\u00e9 Gerardo Su\u00e1rez, historien ind\u00e9pendant, transforme l'histoire du Costa Rica gr\u00e2ce \u00e0 ses \u0153uvres visuelles et mondialement reconnues.\",\"breadcrumb\":{\"@id\":\"https:\\\/\\\/www.sensorialsunsets.com\\\/fr\\\/contributor\\\/jose-gerardo-suarez\\\/#breadcrumb\"},\"inLanguage\":\"fr-FR\",\"potentialAction\":[{\"@type\":\"ReadAction\",\"target\":[\"https:\\\/\\\/www.sensorialsunsets.com\\\/fr\\\/contributor\\\/jose-gerardo-suarez\\\/\"]}]},{\"@type\":\"ImageObject\",\"inLanguage\":\"fr-FR\",\"@id\":\"https:\\\/\\\/www.sensorialsunsets.com\\\/fr\\\/contributor\\\/jose-gerardo-suarez\\\/#primaryimage\",\"url\":\"https:\\\/\\\/www.sensorialsunsets.com\\\/wp-content\\\/uploads\\\/2024\\\/07\\\/Jose-Gerardo-Suarez.png\",\"contentUrl\":\"https:\\\/\\\/www.sensorialsunsets.com\\\/wp-content\\\/uploads\\\/2024\\\/07\\\/Jose-Gerardo-Suarez.png\",\"width\":840,\"height\":350,\"caption\":\"Jos\u00e9 Gerardo Su\u00e1rez, historiador independiente, transforma la historia de Costa Rica con sus obras visuales y reconocidas globalmente.\"},{\"@type\":\"BreadcrumbList\",\"@id\":\"https:\\\/\\\/www.sensorialsunsets.com\\\/fr\\\/contributor\\\/jose-gerardo-suarez\\\/#breadcrumb\",\"itemListElement\":[{\"@type\":\"ListItem\",\"position\":1,\"name\":\"Contributors\",\"item\":\"https:\\\/\\\/www.sensorialsunsets.com\\\/fr\\\/contributor\\\/\"},{\"@type\":\"ListItem\",\"position\":2,\"name\":\"Jos\u00e9 Gerardo Su\u00e1rez\"}]},{\"@type\":\"WebSite\",\"@id\":\"https:\\\/\\\/www.sensorialsunsets.com\\\/fr\\\/#website\",\"url\":\"https:\\\/\\\/www.sensorialsunsets.com\\\/fr\\\/\",\"name\":\"SensorialSunsets.com\",\"description\":\"D\u00e9couvrez la culture et la soci\u00e9t\u00e9 du Costa Rica sur notre blog. Explorez des articles captivants et partagez le contenu.\",\"publisher\":{\"@id\":\"https:\\\/\\\/www.sensorialsunsets.com\\\/fr\\\/#organization\"},\"alternateName\":\"Costa Rica Live Blog\",\"potentialAction\":[{\"@type\":\"SearchAction\",\"target\":{\"@type\":\"EntryPoint\",\"urlTemplate\":\"https:\\\/\\\/www.sensorialsunsets.com\\\/fr\\\/?s={search_term_string}\"},\"query-input\":{\"@type\":\"PropertyValueSpecification\",\"valueRequired\":true,\"valueName\":\"search_term_string\"}}],\"inLanguage\":\"fr-FR\"},{\"@type\":\"Organization\",\"@id\":\"https:\\\/\\\/www.sensorialsunsets.com\\\/fr\\\/#organization\",\"name\":\"SensorialSunsets\",\"url\":\"https:\\\/\\\/www.sensorialsunsets.com\\\/fr\\\/\",\"logo\":{\"@type\":\"ImageObject\",\"inLanguage\":\"fr-FR\",\"@id\":\"https:\\\/\\\/www.sensorialsunsets.com\\\/fr\\\/#\\\/schema\\\/logo\\\/image\\\/\",\"url\":\"https:\\\/\\\/www.sensorialsunsets.com\\\/wp-content\\\/uploads\\\/2023\\\/04\\\/Logo_base_line_fond_clair.svg\",\"contentUrl\":\"https:\\\/\\\/www.sensorialsunsets.com\\\/wp-content\\\/uploads\\\/2023\\\/04\\\/Logo_base_line_fond_clair.svg\",\"width\":\"1024\",\"height\":\"1024\",\"caption\":\"SensorialSunsets\"},\"image\":{\"@id\":\"https:\\\/\\\/www.sensorialsunsets.com\\\/fr\\\/#\\\/schema\\\/logo\\\/image\\\/\"},\"sameAs\":[\"https:\\\/\\\/www.facebook.com\\\/Sensorial-Sunsets-109180614715562\",\"https:\\\/\\\/www.instagram.com\\\/sensorialsunsets\\\/\"]}]}<\/script>\n<!-- \/ Yoast SEO plugin. -->","yoast_head_json":{"title":"Jos\u00e9 Gerardo Su\u00e1rez - SensorialSunsets","description":"Jos\u00e9 Gerardo Su\u00e1rez, historien ind\u00e9pendant, transforme l'histoire du Costa Rica gr\u00e2ce \u00e0 ses \u0153uvres visuelles et mondialement reconnues.","robots":{"index":"index","follow":"follow","max-snippet":"max-snippet:-1","max-image-preview":"max-image-preview:large","max-video-preview":"max-video-preview:-1"},"canonical":"https:\/\/www.sensorialsunsets.com\/fr\/contributor\/jose-gerardo-suarez\/","og_locale":"fr_FR","og_type":"article","og_title":"Jos\u00e9 Gerardo Su\u00e1rez - SensorialSunsets","og_description":"Jos\u00e9 Gerardo Su\u00e1rez, historien ind\u00e9pendant, transforme l'histoire du Costa Rica gr\u00e2ce \u00e0 ses \u0153uvres visuelles et mondialement reconnues.","og_url":"https:\/\/www.sensorialsunsets.com\/fr\/contributor\/jose-gerardo-suarez\/","og_site_name":"SensorialSunsets","article_publisher":"https:\/\/www.facebook.com\/Sensorial-Sunsets-109180614715562","article_modified_time":"2024-07-23T17:08:30+00:00","og_image":[{"width":840,"height":350,"url":"https:\/\/www.sensorialsunsets.com\/wp-content\/uploads\/2024\/07\/Jose-Gerardo-Suarez.png","type":"image\/png"}],"twitter_card":"summary_large_image","twitter_misc":{"Dur\u00e9e de lecture estim\u00e9e":"2 minutes"},"schema":{"@context":"https:\/\/schema.org","@graph":[{"@type":"WebPage","@id":"https:\/\/www.sensorialsunsets.com\/fr\/contributor\/jose-gerardo-suarez\/","url":"https:\/\/www.sensorialsunsets.com\/fr\/contributor\/jose-gerardo-suarez\/","name":"Jos\u00e9 Gerardo Su\u00e1rez - SensorialSunsets","isPartOf":{"@id":"https:\/\/www.sensorialsunsets.com\/fr\/#website"},"primaryImageOfPage":{"@id":"https:\/\/www.sensorialsunsets.com\/fr\/contributor\/jose-gerardo-suarez\/#primaryimage"},"image":{"@id":"https:\/\/www.sensorialsunsets.com\/fr\/contributor\/jose-gerardo-suarez\/#primaryimage"},"thumbnailUrl":"https:\/\/www.sensorialsunsets.com\/wp-content\/uploads\/2024\/07\/Jose-Gerardo-Suarez.png","datePublished":"2024-07-23T17:08:29+00:00","dateModified":"2024-07-23T17:08:30+00:00","description":"Jos\u00e9 Gerardo Su\u00e1rez, historien ind\u00e9pendant, transforme l'histoire du Costa Rica gr\u00e2ce \u00e0 ses \u0153uvres visuelles et mondialement reconnues.","breadcrumb":{"@id":"https:\/\/www.sensorialsunsets.com\/fr\/contributor\/jose-gerardo-suarez\/#breadcrumb"},"inLanguage":"fr-FR","potentialAction":[{"@type":"ReadAction","target":["https:\/\/www.sensorialsunsets.com\/fr\/contributor\/jose-gerardo-suarez\/"]}]},{"@type":"ImageObject","inLanguage":"fr-FR","@id":"https:\/\/www.sensorialsunsets.com\/fr\/contributor\/jose-gerardo-suarez\/#primaryimage","url":"https:\/\/www.sensorialsunsets.com\/wp-content\/uploads\/2024\/07\/Jose-Gerardo-Suarez.png","contentUrl":"https:\/\/www.sensorialsunsets.com\/wp-content\/uploads\/2024\/07\/Jose-Gerardo-Suarez.png","width":840,"height":350,"caption":"Jos\u00e9 Gerardo Su\u00e1rez, historiador independiente, transforma la historia de Costa Rica con sus obras visuales y reconocidas globalmente."},{"@type":"BreadcrumbList","@id":"https:\/\/www.sensorialsunsets.com\/fr\/contributor\/jose-gerardo-suarez\/#breadcrumb","itemListElement":[{"@type":"ListItem","position":1,"name":"Contributors","item":"https:\/\/www.sensorialsunsets.com\/fr\/contributor\/"},{"@type":"ListItem","position":2,"name":"Jos\u00e9 Gerardo Su\u00e1rez"}]},{"@type":"WebSite","@id":"https:\/\/www.sensorialsunsets.com\/fr\/#website","url":"https:\/\/www.sensorialsunsets.com\/fr\/","name":"SensorialSunsets.com","description":"D\u00e9couvrez la culture et la soci\u00e9t\u00e9 du Costa Rica sur notre blog. Explorez des articles captivants et partagez le contenu.","publisher":{"@id":"https:\/\/www.sensorialsunsets.com\/fr\/#organization"},"alternateName":"Costa Rica Live Blog","potentialAction":[{"@type":"SearchAction","target":{"@type":"EntryPoint","urlTemplate":"https:\/\/www.sensorialsunsets.com\/fr\/?s={search_term_string}"},"query-input":{"@type":"PropertyValueSpecification","valueRequired":true,"valueName":"search_term_string"}}],"inLanguage":"fr-FR"},{"@type":"Organization","@id":"https:\/\/www.sensorialsunsets.com\/fr\/#organization","name":"SensorialSunsets","url":"https:\/\/www.sensorialsunsets.com\/fr\/","logo":{"@type":"ImageObject","inLanguage":"fr-FR","@id":"https:\/\/www.sensorialsunsets.com\/fr\/#\/schema\/logo\/image\/","url":"https:\/\/www.sensorialsunsets.com\/wp-content\/uploads\/2023\/04\/Logo_base_line_fond_clair.svg","contentUrl":"https:\/\/www.sensorialsunsets.com\/wp-content\/uploads\/2023\/04\/Logo_base_line_fond_clair.svg","width":"1024","height":"1024","caption":"SensorialSunsets"},"image":{"@id":"https:\/\/www.sensorialsunsets.com\/fr\/#\/schema\/logo\/image\/"},"sameAs":["https:\/\/www.facebook.com\/Sensorial-Sunsets-109180614715562","https:\/\/www.instagram.com\/sensorialsunsets\/"]}]}},"_links":{"self":[{"href":"https:\/\/www.sensorialsunsets.com\/fr\/wp-json\/wp\/v2\/contributor\/17762","targetHints":{"allow":["GET"]}}],"collection":[{"href":"https:\/\/www.sensorialsunsets.com\/fr\/wp-json\/wp\/v2\/contributor"}],"about":[{"href":"https:\/\/www.sensorialsunsets.com\/fr\/wp-json\/wp\/v2\/types\/contributor"}],"author":[{"embeddable":true,"href":"https:\/\/www.sensorialsunsets.com\/fr\/wp-json\/wp\/v2\/users\/4"}],"version-history":[{"count":0,"href":"https:\/\/www.sensorialsunsets.com\/fr\/wp-json\/wp\/v2\/contributor\/17762\/revisions"}],"wp:featuredmedia":[{"embeddable":true,"href":"https:\/\/www.sensorialsunsets.com\/fr\/wp-json\/wp\/v2\/media\/17757"}],"wp:attachment":[{"href":"https:\/\/www.sensorialsunsets.com\/fr\/wp-json\/wp\/v2\/media?parent=17762"}],"curies":[{"name":"wp","href":"https:\/\/api.w.org\/{rel}","templated":true}]}}