{"id":754,"date":"2021-11-11T21:34:27","date_gmt":"2021-11-11T21:34:27","guid":{"rendered":"https:\/\/www.sensorialsunsets.com\/?post_type=faq&#038;p=754"},"modified":"2021-11-11T22:18:34","modified_gmt":"2021-11-11T22:18:34","slug":"como-es-la-economia-de-costa-rica","status":"publish","type":"faq","link":"https:\/\/www.sensorialsunsets.com\/fr\/faq\/como-es-la-economia-de-costa-rica\/","title":{"rendered":"\u00bfComment est l&rsquo;\u00e9conomie du Costa Rica?"},"content":{"rendered":"\n<p>La structure \u00e9conomique du Costa Rica repose principalement sur le tourisme, l&rsquo;agriculture et l&rsquo;exportation d&rsquo;\u00e9quipements et de services \u00e9lectroniques. Le pays a consid\u00e9rablement r\u00e9duit la pauvret\u00e9 au cours des ann\u00e9es 1950 et 1980 gr\u00e2ce \u00e0 la forte promotion par l&rsquo;\u00c9tat des processus productifs pour le march\u00e9 int\u00e9rieur, ainsi qu&rsquo;au d\u00e9veloppement d&rsquo;un fort investissement social dans l&rsquo;\u00e9ducation, la sant\u00e9, l&rsquo;\u00e9lectricit\u00e9, les t\u00e9l\u00e9communications et les services d&rsquo;eau, entre autres.16<\/p>\n\n\n\n<p>L&rsquo;\u00e9conomie costaricienne est la douzi\u00e8me \u00e9conomie d&rsquo;Am\u00e9rique latine en termes de produit int\u00e9rieur brut (PIB) nominal,17 (apr\u00e8s l&rsquo;Uruguay et avant le Panama) et la douzi\u00e8me en termes de PIB \u00e0 parit\u00e9 de pouvoir d&rsquo;achat (PPA) (apr\u00e8s le Panama et avant la Bolivie).18 Le Costa Rica a un revenu par habitant de 13 192 USD de PIB par habitant aux prix nominaux et de 18 660 USD de PIB par habitant PPA.192021<\/p>\n\n\n\n<p>La r\u00e9duction de la pauvret\u00e9 s&rsquo;est interrompue pendant la crise des ann\u00e9es 1980 et a stagn\u00e9 \u00e0 la fin des ann\u00e9es 1990, s&rsquo;\u00e9tablissant entre 20 et 22 % de la population. Cette stagnation a commenc\u00e9 avant le d\u00e9but des politiques n\u00e9olib\u00e9rales, qui ont ouvert un espace pour les activit\u00e9s priv\u00e9es au d\u00e9triment de nombreux services auparavant fournis par les institutions publiques. Bien que l&rsquo;\u00e9conomie et la richesse aient connu une croissance importante, la pauvret\u00e9 a cess\u00e9 de diminuer car les mod\u00e8les orient\u00e9s vers la cr\u00e9ation d&#8217;emplois sp\u00e9cialis\u00e9s excluent les personnes sans formation universitaire ou technique. La croissance \u00e9conomique est pass\u00e9e de 5,9% en 2005 \u00e0 8,8% en 2006 et 7,8% en 2007. En raison de la crise \u00e9conomique qui a touch\u00e9 le monde depuis 2008, l&rsquo;\u00e9conomie du Costa Rica a ralenti \u00e0 2,6 % en 2008 et a diminu\u00e9 en 2009 avec un taux n\u00e9gatif de -1,1 %. En 2010, la croissance a \u00e9t\u00e9 proche de 4 %, ce qui montre une l\u00e9g\u00e8re reprise apr\u00e8s la r\u00e9cession \u00e9conomique, et en 2011, la croissance devrait \u00eatre de 4,5 %. Le d\u00e9ficit public \u00e9lev\u00e9 des ann\u00e9es 1980 et 1990 a r\u00e9duit les sommes allou\u00e9es au maintien de la qualit\u00e9 des services sociaux du pays. La politique d&rsquo;aust\u00e9rit\u00e9 mise en place sous l&rsquo;administration d&rsquo;Abel Pacheco de la Espriella a permis de r\u00e9duire le d\u00e9ficit et m\u00eame de d\u00e9gager un exc\u00e9dent en 2006 et 2007, gr\u00e2ce \u00e0 de faibles investissements de l&rsquo;\u00c9tat et \u00e0 des am\u00e9liorations fiscales.<\/p>\n\n\n\n<p>Le taux d&rsquo;inflation tournait autour de 22,5 % en 1995, a sensiblement baiss\u00e9 \u00e0 11,1 % en 1997, 12 % en 2005, 13,9 % en 200822, pour atteindre 4,05 % en 200923, remonter \u00e0 5,58 % en 201024, osciller entre 3 et 5 % entre 2011 et 20132526 et cl\u00f4turer 2014 \u00e0 5,13 %. 27 En 2015, le pays a connu une d\u00e9flation pour la premi\u00e8re fois en 40 ans, cl\u00f4turant l&rsquo;ann\u00e9e \u00e0 0,83 %28, d&rsquo;o\u00f9 une reprise en 2016, o\u00f9 il a cl\u00f4tur\u00e9 avec une inflation de 0,77 %29. En 2017, l&rsquo;indicateur s&rsquo;est \u00e9tabli \u00e0 2,57 % et30, selon la Banque centrale du Costa Rica, un taux similaire \u00e9tait attendu pour 201831.<\/p>\n\n\n\n<p>Le Costa Rica a cherch\u00e9 \u00e0 \u00e9tendre ses liens \u00e9conomiques et commerciaux, tant \u00e0 l&rsquo;int\u00e9rieur qu&rsquo;\u00e0 l&rsquo;ext\u00e9rieur de la r\u00e9gion.<\/p>\n\n\n\n<p>Le Costa Rica a conclu des accords de libre-\u00e9change avec les pays suivants. Ils sont entr\u00e9s en vigueur le (voir date) :<br>Canada 1er novembre 2002.<br>Chili 15 f\u00e9vrier 2002.<br>R\u00e9publique populaire de Chine 1er ao\u00fbt 2011.<br>Communaut\u00e9 des Cara\u00efbes (CARICOM)\u00a8 15 novembre 2005.<br>Trinit\u00e9-et-Tobago 15 novembre 2005.<br>Guyane 30 avril 2006.<br>Barbade, 1er ao\u00fbt 2006.<br>Belize 10 mars 2011.<br>Jama\u00efque 1er mai 2013.<br>El Salvador March\u00e9 commun depuis 1963, relanc\u00e9 le 29 octobre 1993.<br>\u00c9tats-Unis 1er janvier 2009.<br>Guatemala March\u00e9 commun depuis 1963, relanc\u00e9 le 29 octobre 1993.<br>March\u00e9 commun du Honduras depuis 1963, relanc\u00e9 le 29 octobre 1993.<br>Mexique 1er janvier 1995.<br>March\u00e9 commun du Nicaragua depuis 1963, relanc\u00e9 le 29 octobre 1993.<br>Panama 31 juillet 1973. Ren\u00e9goci\u00e9 et prolong\u00e9 le 1er janvier 2009.<br>P\u00e9rou 1er juin 2013.<br>R\u00e9publique dominicaine 7 mars 2002, prolong\u00e9 par CAFTA le 1er janvier 2009.<br>Singapour 16 mai 2013.<br>Union europ\u00e9enne 16 mai 2013.<br>Des accords de libre-\u00e9change avec l&rsquo;AELE et la Colombie devraient \u00e9galement \u00eatre approuv\u00e9s dans un avenir proche, et avec le Panama, entamer des n\u00e9gociations avec la Cor\u00e9e du Sud.<\/p>\n\n\n\n<p>Source: Wikipedia<\/p>\n","protected":false},"author":1,"template":"","class_list":["post-754","faq","type-faq","status-publish","hentry"],"acf":[],"yoast_head":"<!-- This site is optimized with the Yoast SEO plugin v27.4 - https:\/\/yoast.com\/product\/yoast-seo-wordpress\/ -->\n<title>\u00bfComment est l&#039;\u00e9conomie du Costa Rica? - SensorialSunsets<\/title>\n<meta name=\"robots\" content=\"index, follow, max-snippet:-1, max-image-preview:large, max-video-preview:-1\" \/>\n<link rel=\"canonical\" href=\"https:\/\/www.sensorialsunsets.com\/fr\/faq\/como-es-la-economia-de-costa-rica\/\" \/>\n<meta property=\"og:locale\" content=\"fr_FR\" \/>\n<meta property=\"og:type\" content=\"article\" \/>\n<meta property=\"og:title\" content=\"\u00bfComment est l&#039;\u00e9conomie du Costa Rica? - SensorialSunsets\" \/>\n<meta property=\"og:description\" content=\"La structure \u00e9conomique du Costa Rica repose principalement sur le tourisme, l&rsquo;agriculture et l&rsquo;exportation d&rsquo;\u00e9quipements et de services \u00e9lectroniques. Le pays a consid\u00e9rablement r\u00e9duit la pauvret\u00e9 au cours des ann\u00e9es 1950 et 1980 gr\u00e2ce \u00e0 la forte promotion par l&rsquo;\u00c9tat des processus productifs pour le march\u00e9 int\u00e9rieur, ainsi qu&rsquo;au d\u00e9veloppement d&rsquo;un fort investissement social dans [&hellip;]\" \/>\n<meta property=\"og:url\" content=\"https:\/\/www.sensorialsunsets.com\/fr\/faq\/como-es-la-economia-de-costa-rica\/\" \/>\n<meta property=\"og:site_name\" content=\"SensorialSunsets\" \/>\n<meta property=\"article:publisher\" content=\"https:\/\/www.facebook.com\/Sensorial-Sunsets-109180614715562\" \/>\n<meta property=\"article:modified_time\" content=\"2021-11-11T22:18:34+00:00\" \/>\n<meta property=\"og:image\" content=\"https:\/\/www.sensorialsunsets.com\/wp-content\/uploads\/2023\/07\/Sensorial.png\" \/>\n\t<meta property=\"og:image:width\" content=\"1200\" \/>\n\t<meta property=\"og:image:height\" content=\"675\" \/>\n\t<meta property=\"og:image:type\" content=\"image\/png\" \/>\n<meta name=\"twitter:card\" content=\"summary_large_image\" \/>\n<meta name=\"twitter:label1\" content=\"Dur\u00e9e de lecture estim\u00e9e\" \/>\n\t<meta name=\"twitter:data1\" content=\"4 minutes\" \/>\n<script type=\"application\/ld+json\" class=\"yoast-schema-graph\">{\"@context\":\"https:\\\/\\\/schema.org\",\"@graph\":[{\"@type\":\"WebPage\",\"@id\":\"https:\\\/\\\/www.sensorialsunsets.com\\\/fr\\\/faq\\\/como-es-la-economia-de-costa-rica\\\/\",\"url\":\"https:\\\/\\\/www.sensorialsunsets.com\\\/fr\\\/faq\\\/como-es-la-economia-de-costa-rica\\\/\",\"name\":\"\u00bfComment est l'\u00e9conomie du Costa Rica? - SensorialSunsets\",\"isPartOf\":{\"@id\":\"https:\\\/\\\/www.sensorialsunsets.com\\\/fr\\\/#website\"},\"datePublished\":\"2021-11-11T21:34:27+00:00\",\"dateModified\":\"2021-11-11T22:18:34+00:00\",\"breadcrumb\":{\"@id\":\"https:\\\/\\\/www.sensorialsunsets.com\\\/fr\\\/faq\\\/como-es-la-economia-de-costa-rica\\\/#breadcrumb\"},\"inLanguage\":\"fr-FR\",\"potentialAction\":[{\"@type\":\"ReadAction\",\"target\":[\"https:\\\/\\\/www.sensorialsunsets.com\\\/fr\\\/faq\\\/como-es-la-economia-de-costa-rica\\\/\"]}]},{\"@type\":\"BreadcrumbList\",\"@id\":\"https:\\\/\\\/www.sensorialsunsets.com\\\/fr\\\/faq\\\/como-es-la-economia-de-costa-rica\\\/#breadcrumb\",\"itemListElement\":[{\"@type\":\"ListItem\",\"position\":1,\"name\":\"FAQ\",\"item\":\"https:\\\/\\\/www.sensorialsunsets.com\\\/fr\\\/faq\\\/\"},{\"@type\":\"ListItem\",\"position\":2,\"name\":\"\u00bfComment est l&rsquo;\u00e9conomie du Costa Rica?\"}]},{\"@type\":\"WebSite\",\"@id\":\"https:\\\/\\\/www.sensorialsunsets.com\\\/fr\\\/#website\",\"url\":\"https:\\\/\\\/www.sensorialsunsets.com\\\/fr\\\/\",\"name\":\"SensorialSunsets.com\",\"description\":\"D\u00e9couvrez la culture et la soci\u00e9t\u00e9 du Costa Rica sur notre blog. Explorez des articles captivants et partagez le contenu.\",\"publisher\":{\"@id\":\"https:\\\/\\\/www.sensorialsunsets.com\\\/fr\\\/#organization\"},\"alternateName\":\"Costa Rica Live Blog\",\"potentialAction\":[{\"@type\":\"SearchAction\",\"target\":{\"@type\":\"EntryPoint\",\"urlTemplate\":\"https:\\\/\\\/www.sensorialsunsets.com\\\/fr\\\/?s={search_term_string}\"},\"query-input\":{\"@type\":\"PropertyValueSpecification\",\"valueRequired\":true,\"valueName\":\"search_term_string\"}}],\"inLanguage\":\"fr-FR\"},{\"@type\":\"Organization\",\"@id\":\"https:\\\/\\\/www.sensorialsunsets.com\\\/fr\\\/#organization\",\"name\":\"SensorialSunsets\",\"url\":\"https:\\\/\\\/www.sensorialsunsets.com\\\/fr\\\/\",\"logo\":{\"@type\":\"ImageObject\",\"inLanguage\":\"fr-FR\",\"@id\":\"https:\\\/\\\/www.sensorialsunsets.com\\\/fr\\\/#\\\/schema\\\/logo\\\/image\\\/\",\"url\":\"https:\\\/\\\/www.sensorialsunsets.com\\\/wp-content\\\/uploads\\\/2023\\\/04\\\/Logo_base_line_fond_clair.svg\",\"contentUrl\":\"https:\\\/\\\/www.sensorialsunsets.com\\\/wp-content\\\/uploads\\\/2023\\\/04\\\/Logo_base_line_fond_clair.svg\",\"width\":\"1024\",\"height\":\"1024\",\"caption\":\"SensorialSunsets\"},\"image\":{\"@id\":\"https:\\\/\\\/www.sensorialsunsets.com\\\/fr\\\/#\\\/schema\\\/logo\\\/image\\\/\"},\"sameAs\":[\"https:\\\/\\\/www.facebook.com\\\/Sensorial-Sunsets-109180614715562\",\"https:\\\/\\\/www.instagram.com\\\/sensorialsunsets\\\/\"]}]}<\/script>\n<!-- \/ Yoast SEO plugin. -->","yoast_head_json":{"title":"\u00bfComment est l'\u00e9conomie du Costa Rica? - SensorialSunsets","robots":{"index":"index","follow":"follow","max-snippet":"max-snippet:-1","max-image-preview":"max-image-preview:large","max-video-preview":"max-video-preview:-1"},"canonical":"https:\/\/www.sensorialsunsets.com\/fr\/faq\/como-es-la-economia-de-costa-rica\/","og_locale":"fr_FR","og_type":"article","og_title":"\u00bfComment est l'\u00e9conomie du Costa Rica? - SensorialSunsets","og_description":"La structure \u00e9conomique du Costa Rica repose principalement sur le tourisme, l&rsquo;agriculture et l&rsquo;exportation d&rsquo;\u00e9quipements et de services \u00e9lectroniques. Le pays a consid\u00e9rablement r\u00e9duit la pauvret\u00e9 au cours des ann\u00e9es 1950 et 1980 gr\u00e2ce \u00e0 la forte promotion par l&rsquo;\u00c9tat des processus productifs pour le march\u00e9 int\u00e9rieur, ainsi qu&rsquo;au d\u00e9veloppement d&rsquo;un fort investissement social dans [&hellip;]","og_url":"https:\/\/www.sensorialsunsets.com\/fr\/faq\/como-es-la-economia-de-costa-rica\/","og_site_name":"SensorialSunsets","article_publisher":"https:\/\/www.facebook.com\/Sensorial-Sunsets-109180614715562","article_modified_time":"2021-11-11T22:18:34+00:00","og_image":[{"width":1200,"height":675,"url":"https:\/\/www.sensorialsunsets.com\/wp-content\/uploads\/2023\/07\/Sensorial.png","type":"image\/png"}],"twitter_card":"summary_large_image","twitter_misc":{"Dur\u00e9e de lecture estim\u00e9e":"4 minutes"},"schema":{"@context":"https:\/\/schema.org","@graph":[{"@type":"WebPage","@id":"https:\/\/www.sensorialsunsets.com\/fr\/faq\/como-es-la-economia-de-costa-rica\/","url":"https:\/\/www.sensorialsunsets.com\/fr\/faq\/como-es-la-economia-de-costa-rica\/","name":"\u00bfComment est l'\u00e9conomie du Costa Rica? - SensorialSunsets","isPartOf":{"@id":"https:\/\/www.sensorialsunsets.com\/fr\/#website"},"datePublished":"2021-11-11T21:34:27+00:00","dateModified":"2021-11-11T22:18:34+00:00","breadcrumb":{"@id":"https:\/\/www.sensorialsunsets.com\/fr\/faq\/como-es-la-economia-de-costa-rica\/#breadcrumb"},"inLanguage":"fr-FR","potentialAction":[{"@type":"ReadAction","target":["https:\/\/www.sensorialsunsets.com\/fr\/faq\/como-es-la-economia-de-costa-rica\/"]}]},{"@type":"BreadcrumbList","@id":"https:\/\/www.sensorialsunsets.com\/fr\/faq\/como-es-la-economia-de-costa-rica\/#breadcrumb","itemListElement":[{"@type":"ListItem","position":1,"name":"FAQ","item":"https:\/\/www.sensorialsunsets.com\/fr\/faq\/"},{"@type":"ListItem","position":2,"name":"\u00bfComment est l&rsquo;\u00e9conomie du Costa Rica?"}]},{"@type":"WebSite","@id":"https:\/\/www.sensorialsunsets.com\/fr\/#website","url":"https:\/\/www.sensorialsunsets.com\/fr\/","name":"SensorialSunsets.com","description":"D\u00e9couvrez la culture et la soci\u00e9t\u00e9 du Costa Rica sur notre blog. Explorez des articles captivants et partagez le contenu.","publisher":{"@id":"https:\/\/www.sensorialsunsets.com\/fr\/#organization"},"alternateName":"Costa Rica Live Blog","potentialAction":[{"@type":"SearchAction","target":{"@type":"EntryPoint","urlTemplate":"https:\/\/www.sensorialsunsets.com\/fr\/?s={search_term_string}"},"query-input":{"@type":"PropertyValueSpecification","valueRequired":true,"valueName":"search_term_string"}}],"inLanguage":"fr-FR"},{"@type":"Organization","@id":"https:\/\/www.sensorialsunsets.com\/fr\/#organization","name":"SensorialSunsets","url":"https:\/\/www.sensorialsunsets.com\/fr\/","logo":{"@type":"ImageObject","inLanguage":"fr-FR","@id":"https:\/\/www.sensorialsunsets.com\/fr\/#\/schema\/logo\/image\/","url":"https:\/\/www.sensorialsunsets.com\/wp-content\/uploads\/2023\/04\/Logo_base_line_fond_clair.svg","contentUrl":"https:\/\/www.sensorialsunsets.com\/wp-content\/uploads\/2023\/04\/Logo_base_line_fond_clair.svg","width":"1024","height":"1024","caption":"SensorialSunsets"},"image":{"@id":"https:\/\/www.sensorialsunsets.com\/fr\/#\/schema\/logo\/image\/"},"sameAs":["https:\/\/www.facebook.com\/Sensorial-Sunsets-109180614715562","https:\/\/www.instagram.com\/sensorialsunsets\/"]}]}},"_links":{"self":[{"href":"https:\/\/www.sensorialsunsets.com\/fr\/wp-json\/wp\/v2\/faq\/754","targetHints":{"allow":["GET"]}}],"collection":[{"href":"https:\/\/www.sensorialsunsets.com\/fr\/wp-json\/wp\/v2\/faq"}],"about":[{"href":"https:\/\/www.sensorialsunsets.com\/fr\/wp-json\/wp\/v2\/types\/faq"}],"author":[{"embeddable":true,"href":"https:\/\/www.sensorialsunsets.com\/fr\/wp-json\/wp\/v2\/users\/1"}],"wp:attachment":[{"href":"https:\/\/www.sensorialsunsets.com\/fr\/wp-json\/wp\/v2\/media?parent=754"}],"curies":[{"name":"wp","href":"https:\/\/api.w.org\/{rel}","templated":true}]}}