{"id":763,"date":"2021-11-13T01:23:41","date_gmt":"2021-11-13T01:23:41","guid":{"rendered":"https:\/\/www.sensorialsunsets.com\/?post_type=faq&#038;p=763"},"modified":"2021-11-15T22:31:49","modified_gmt":"2021-11-15T22:31:49","slug":"pourquoi-le-costa-rica-na-pas-darmee","status":"publish","type":"faq","link":"https:\/\/www.sensorialsunsets.com\/fr\/faq\/pourquoi-le-costa-rica-na-pas-darmee\/","title":{"rendered":"Pourquoi le Costa Rica n&rsquo;a pas d&rsquo;arm\u00e9e?"},"content":{"rendered":"\n<p>L&rsquo;abolition de l&rsquo;arm\u00e9e costaricienne fait r\u00e9f\u00e9rence \u00e0 la suppression de toutes les forces arm\u00e9es costariciennes le 1er d\u00e9cembre 1948 apr\u00e8s la fin de la guerre civile de cette ann\u00e9e-l\u00e0. L&rsquo;\u00e9v\u00e9nement au cours duquel les forces arm\u00e9es ont \u00e9t\u00e9 abolies s&rsquo;est tenu dans l&rsquo;ancienne caserne Bellavista, aujourd&rsquo;hui mus\u00e9e national du Costa Rica, et a \u00e9t\u00e9 dirig\u00e9 par le pr\u00e9sident de la Junte fondatrice de la deuxi\u00e8me R\u00e9publique, Jos\u00e9 Figueres Ferrer.<\/p>\n\n\n\n<p>Depuis l&rsquo;abolition de l&rsquo;arm\u00e9e, le pays n&rsquo;a eu recours aux forces militaires qu&rsquo;\u00e0 deux reprises : en 1955, pour emp\u00eacher une invasion du Nicaragua par des expatri\u00e9s soutenus par le gouvernement Somoza, et en 1965, lorsqu&rsquo;il a envoy\u00e9 21 policiers dans le cadre de la Force de paix interam\u00e9ricaine de l&rsquo;Organisation des \u00c9tats am\u00e9ricains pendant l&rsquo;occupation am\u00e9ricaine de la R\u00e9publique dominicaine.<\/p>\n\n\n\n<p>Entre 1823 et 1870, le Costa Rica a connu plusieurs conflits politiques qui ont \u00e9t\u00e9 r\u00e9solus militairement. Au cours de ces ann\u00e9es, les groupes arm\u00e9s \u00e9taient g\u00e9n\u00e9ralement organis\u00e9s, puis dissous une fois le conflit termin\u00e9. N\u00e9anmoins, dans les principales villes du pays, il y avait diff\u00e9rentes casernes et postes de commandement charg\u00e9s de maintenir l&rsquo;ordre et de garder l&rsquo;artillerie de l&rsquo;arm\u00e9e. \u00c0 la fin du XIXe si\u00e8cle, les effectifs de l&rsquo;arm\u00e9e costaricienne sont pass\u00e9s d&rsquo;environ 15 000 hommes en 1874 \u00e0 quelque 50 000 en 1900.<\/p>\n\n\n\n<p>Le 11 mai 1871, sous le gouvernement de Tom\u00e1s Guardia Guti\u00e9rrez, le Code militaire de la R\u00e9publique du Costa Rica a \u00e9t\u00e9 publi\u00e9. Dans ce code, les crimes et les peines militaires sont \u00e9nonc\u00e9s, et il est mentionn\u00e9 que les tribunaux militaires doivent conna\u00eetre des affaires, \u00e0 l&rsquo;exception de la peine de mort ou de l&rsquo;expulsion, qui rel\u00e8vent du Conseil de guerre.1 Le 21 janvier 1884, un nouveau code est publi\u00e9, qui est abrog\u00e9 pour r\u00e9tablir le code publi\u00e9 en 1871. D&rsquo;autres lois et documents militaires ont \u00e9t\u00e9 adopt\u00e9s entre 1886 et 1900.<\/p>\n\n\n\n<p><br>Entre 1884 et 1914, l&rsquo;arm\u00e9e costaricienne a connu un processus d&rsquo;institutionnalisation, au cours duquel un pourcentage plus \u00e9lev\u00e9 du budget du gouvernement a \u00e9t\u00e9 allou\u00e9 \u00e0 l&rsquo;arm\u00e9e pour l&rsquo;instruction militaire et le paiement des salaires. Malgr\u00e9 cela, \u00e0 partir de 1921, le gouvernement central commence \u00e0 allouer davantage de fonds de son budget \u00e0 l&rsquo;\u00e9ducation et \u00e0 la sant\u00e9, et par cons\u00e9quent, les rangs de l&rsquo;arm\u00e9e sont r\u00e9duits et davantage de ressources sont allou\u00e9es \u00e0 la police. En cons\u00e9quence, l&rsquo;arm\u00e9e a \u00e9t\u00e9 affaiblie en tant qu&rsquo;institution militaire.<\/p>\n\n\n\n<p>Entre 1946 et 1948, les forces arm\u00e9es costariciennes subissent un long processus d&rsquo;affaiblissement. Elles \u00e9taient sous-arm\u00e9es, sans organisation ad\u00e9quate, avec des difficult\u00e9s \u00e9conomiques qui les emp\u00eachaient de remplir efficacement leurs fonctions, et avec peu d&rsquo;investissement de la part du gouvernement central.<\/p>\n\n\n\n<p>Entre mars et avril 1948, une guerre civile \u00e9clate, caus\u00e9e principalement par l&rsquo;annulation des \u00e9lections de 1948 par le Congr\u00e8s, qui ne reconna\u00eet pas la victoire du candidat de l&rsquo;opposition Otilio Ulate Blanco. Cela a conduit \u00e0 la r\u00e9volution qui a port\u00e9 Jos\u00e9 Figueres Ferrer au pouvoir.<\/p>\n\n\n\n<p>Lorsque la guerre civile s&rsquo;est termin\u00e9e et que la junte a pris le pouvoir, Figueres a trouv\u00e9 une arm\u00e9e totalement d\u00e9sorganis\u00e9e, sans \u00e9quipement militaire, et les quelques armes dont elle disposait \u00e9taient inutiles et constituaient une arm\u00e9e factice plut\u00f4t qu&rsquo;une v\u00e9ritable force militaire. Ainsi, le 1er d\u00e9cembre 1948, il prend la d\u00e9cision de dissoudre l&rsquo;arm\u00e9e dans un acte symbolique \u00e0 la caserne Bellavista, o\u00f9 il abat un cr\u00e9neau sur le mur ouest de la caserne.<\/p>\n\n\n\n<p>Abolition de l&rsquo;arm\u00e9e<\/p>\n\n\n\n<p>Le 11 octobre 1948, Jos\u00e9 Figueres Ferrer, par le d\u00e9cret n\u00b0 749, abolit l&rsquo;arm\u00e9e en tant qu&rsquo;institution permanente. En cons\u00e9quence, et comme le pr\u00e9cise le document, \u00ab\u00a0la Junte fondatrice de la Deuxi\u00e8me R\u00e9publique d\u00e9clare l&rsquo;Arm\u00e9e nationale officiellement dissoute, consid\u00e9rant l&rsquo;existence d&rsquo;une bonne force de police suffisante pour la s\u00e9curit\u00e9 de notre pays\u00a0\u00bb.<\/p>\n\n\n\n<p>La loi 178 de la nouvelle Constitution politique du 31 octobre 1949 approuve l&rsquo;article 12 de la Constitution, qui supprime l&rsquo;arm\u00e9e en tant qu&rsquo;institution permanente et cr\u00e9e la police civile pour garantir l&rsquo;ordre public ; cela permet d&rsquo;utiliser les budgets pr\u00e9c\u00e9demment allou\u00e9s \u00e0 l&rsquo;arm\u00e9e principalement pour le d\u00e9veloppement de l&rsquo;appareil \u00e9ducatif et de transf\u00e9rer la caserne Bellavista \u00e0 l&rsquo;Universit\u00e9 du Costa Rica pour y installer le Mus\u00e9e national. Lorsque la Constitution est entr\u00e9e en vigueur quelques semaines plus tard, l&rsquo;abolition de l&rsquo;arm\u00e9e dans le syst\u00e8me politique costaricien a acquis un statut constitutionnel.<\/p>\n\n\n\n<p>Le 1er d\u00e9cembre, lors d&rsquo;une c\u00e9r\u00e9monie \u00e0 la caserne Bellavista \u00e0 laquelle assistaient des \u00e9tudiants, des membres du corps diplomatique et des personnalit\u00e9s nationales, le pr\u00e9sident Figueres a abattu le mur d&rsquo;une des tours de la caserne, rendant publique la d\u00e9cision de la junte gouvernementale de supprimer l&rsquo;arm\u00e9e.<br><\/p>\n\n\n\n<p>Source:   Wikipedia<\/p>\n","protected":false},"author":1,"template":"","class_list":["post-763","faq","type-faq","status-publish","hentry"],"acf":[],"yoast_head":"<!-- This site is optimized with the Yoast SEO plugin v27.4 - https:\/\/yoast.com\/product\/yoast-seo-wordpress\/ -->\n<title>Pourquoi le Costa Rica n&#039;a pas d&#039;arm\u00e9e? - SensorialSunsets<\/title>\n<meta name=\"robots\" content=\"index, follow, max-snippet:-1, max-image-preview:large, max-video-preview:-1\" \/>\n<link rel=\"canonical\" href=\"https:\/\/www.sensorialsunsets.com\/fr\/faq\/pourquoi-le-costa-rica-na-pas-darmee\/\" \/>\n<meta property=\"og:locale\" content=\"fr_FR\" \/>\n<meta property=\"og:type\" content=\"article\" \/>\n<meta property=\"og:title\" content=\"Pourquoi le Costa Rica n&#039;a pas d&#039;arm\u00e9e? - SensorialSunsets\" \/>\n<meta property=\"og:description\" content=\"L&rsquo;abolition de l&rsquo;arm\u00e9e costaricienne fait r\u00e9f\u00e9rence \u00e0 la suppression de toutes les forces arm\u00e9es costariciennes le 1er d\u00e9cembre 1948 apr\u00e8s la fin de la guerre civile de cette ann\u00e9e-l\u00e0. L&rsquo;\u00e9v\u00e9nement au cours duquel les forces arm\u00e9es ont \u00e9t\u00e9 abolies s&rsquo;est tenu dans l&rsquo;ancienne caserne Bellavista, aujourd&rsquo;hui mus\u00e9e national du Costa Rica, et a \u00e9t\u00e9 dirig\u00e9 [&hellip;]\" \/>\n<meta property=\"og:url\" content=\"https:\/\/www.sensorialsunsets.com\/fr\/faq\/pourquoi-le-costa-rica-na-pas-darmee\/\" \/>\n<meta property=\"og:site_name\" content=\"SensorialSunsets\" \/>\n<meta property=\"article:publisher\" content=\"https:\/\/www.facebook.com\/Sensorial-Sunsets-109180614715562\" \/>\n<meta property=\"article:modified_time\" content=\"2021-11-15T22:31:49+00:00\" \/>\n<meta property=\"og:image\" content=\"https:\/\/www.sensorialsunsets.com\/wp-content\/uploads\/2023\/07\/Sensorial.png\" \/>\n\t<meta property=\"og:image:width\" content=\"1200\" \/>\n\t<meta property=\"og:image:height\" content=\"675\" \/>\n\t<meta property=\"og:image:type\" content=\"image\/png\" \/>\n<meta name=\"twitter:card\" content=\"summary_large_image\" \/>\n<meta name=\"twitter:label1\" content=\"Dur\u00e9e de lecture estim\u00e9e\" \/>\n\t<meta name=\"twitter:data1\" content=\"4 minutes\" \/>\n<script type=\"application\/ld+json\" class=\"yoast-schema-graph\">{\"@context\":\"https:\\\/\\\/schema.org\",\"@graph\":[{\"@type\":\"WebPage\",\"@id\":\"https:\\\/\\\/www.sensorialsunsets.com\\\/fr\\\/faq\\\/pourquoi-le-costa-rica-na-pas-darmee\\\/\",\"url\":\"https:\\\/\\\/www.sensorialsunsets.com\\\/fr\\\/faq\\\/pourquoi-le-costa-rica-na-pas-darmee\\\/\",\"name\":\"Pourquoi le Costa Rica n'a pas d'arm\u00e9e? - SensorialSunsets\",\"isPartOf\":{\"@id\":\"https:\\\/\\\/www.sensorialsunsets.com\\\/fr\\\/#website\"},\"datePublished\":\"2021-11-13T01:23:41+00:00\",\"dateModified\":\"2021-11-15T22:31:49+00:00\",\"breadcrumb\":{\"@id\":\"https:\\\/\\\/www.sensorialsunsets.com\\\/fr\\\/faq\\\/pourquoi-le-costa-rica-na-pas-darmee\\\/#breadcrumb\"},\"inLanguage\":\"fr-FR\",\"potentialAction\":[{\"@type\":\"ReadAction\",\"target\":[\"https:\\\/\\\/www.sensorialsunsets.com\\\/fr\\\/faq\\\/pourquoi-le-costa-rica-na-pas-darmee\\\/\"]}]},{\"@type\":\"BreadcrumbList\",\"@id\":\"https:\\\/\\\/www.sensorialsunsets.com\\\/fr\\\/faq\\\/pourquoi-le-costa-rica-na-pas-darmee\\\/#breadcrumb\",\"itemListElement\":[{\"@type\":\"ListItem\",\"position\":1,\"name\":\"FAQ\",\"item\":\"https:\\\/\\\/www.sensorialsunsets.com\\\/fr\\\/faq\\\/\"},{\"@type\":\"ListItem\",\"position\":2,\"name\":\"Pourquoi le Costa Rica n&rsquo;a pas d&rsquo;arm\u00e9e?\"}]},{\"@type\":\"WebSite\",\"@id\":\"https:\\\/\\\/www.sensorialsunsets.com\\\/fr\\\/#website\",\"url\":\"https:\\\/\\\/www.sensorialsunsets.com\\\/fr\\\/\",\"name\":\"SensorialSunsets.com\",\"description\":\"D\u00e9couvrez la culture et la soci\u00e9t\u00e9 du Costa Rica sur notre blog. Explorez des articles captivants et partagez le contenu.\",\"publisher\":{\"@id\":\"https:\\\/\\\/www.sensorialsunsets.com\\\/fr\\\/#organization\"},\"alternateName\":\"Costa Rica Live Blog\",\"potentialAction\":[{\"@type\":\"SearchAction\",\"target\":{\"@type\":\"EntryPoint\",\"urlTemplate\":\"https:\\\/\\\/www.sensorialsunsets.com\\\/fr\\\/?s={search_term_string}\"},\"query-input\":{\"@type\":\"PropertyValueSpecification\",\"valueRequired\":true,\"valueName\":\"search_term_string\"}}],\"inLanguage\":\"fr-FR\"},{\"@type\":\"Organization\",\"@id\":\"https:\\\/\\\/www.sensorialsunsets.com\\\/fr\\\/#organization\",\"name\":\"SensorialSunsets\",\"url\":\"https:\\\/\\\/www.sensorialsunsets.com\\\/fr\\\/\",\"logo\":{\"@type\":\"ImageObject\",\"inLanguage\":\"fr-FR\",\"@id\":\"https:\\\/\\\/www.sensorialsunsets.com\\\/fr\\\/#\\\/schema\\\/logo\\\/image\\\/\",\"url\":\"https:\\\/\\\/www.sensorialsunsets.com\\\/wp-content\\\/uploads\\\/2023\\\/04\\\/Logo_base_line_fond_clair.svg\",\"contentUrl\":\"https:\\\/\\\/www.sensorialsunsets.com\\\/wp-content\\\/uploads\\\/2023\\\/04\\\/Logo_base_line_fond_clair.svg\",\"width\":\"1024\",\"height\":\"1024\",\"caption\":\"SensorialSunsets\"},\"image\":{\"@id\":\"https:\\\/\\\/www.sensorialsunsets.com\\\/fr\\\/#\\\/schema\\\/logo\\\/image\\\/\"},\"sameAs\":[\"https:\\\/\\\/www.facebook.com\\\/Sensorial-Sunsets-109180614715562\",\"https:\\\/\\\/www.instagram.com\\\/sensorialsunsets\\\/\"]}]}<\/script>\n<!-- \/ Yoast SEO plugin. -->","yoast_head_json":{"title":"Pourquoi le Costa Rica n'a pas d'arm\u00e9e? - SensorialSunsets","robots":{"index":"index","follow":"follow","max-snippet":"max-snippet:-1","max-image-preview":"max-image-preview:large","max-video-preview":"max-video-preview:-1"},"canonical":"https:\/\/www.sensorialsunsets.com\/fr\/faq\/pourquoi-le-costa-rica-na-pas-darmee\/","og_locale":"fr_FR","og_type":"article","og_title":"Pourquoi le Costa Rica n'a pas d'arm\u00e9e? - SensorialSunsets","og_description":"L&rsquo;abolition de l&rsquo;arm\u00e9e costaricienne fait r\u00e9f\u00e9rence \u00e0 la suppression de toutes les forces arm\u00e9es costariciennes le 1er d\u00e9cembre 1948 apr\u00e8s la fin de la guerre civile de cette ann\u00e9e-l\u00e0. L&rsquo;\u00e9v\u00e9nement au cours duquel les forces arm\u00e9es ont \u00e9t\u00e9 abolies s&rsquo;est tenu dans l&rsquo;ancienne caserne Bellavista, aujourd&rsquo;hui mus\u00e9e national du Costa Rica, et a \u00e9t\u00e9 dirig\u00e9 [&hellip;]","og_url":"https:\/\/www.sensorialsunsets.com\/fr\/faq\/pourquoi-le-costa-rica-na-pas-darmee\/","og_site_name":"SensorialSunsets","article_publisher":"https:\/\/www.facebook.com\/Sensorial-Sunsets-109180614715562","article_modified_time":"2021-11-15T22:31:49+00:00","og_image":[{"width":1200,"height":675,"url":"https:\/\/www.sensorialsunsets.com\/wp-content\/uploads\/2023\/07\/Sensorial.png","type":"image\/png"}],"twitter_card":"summary_large_image","twitter_misc":{"Dur\u00e9e de lecture estim\u00e9e":"4 minutes"},"schema":{"@context":"https:\/\/schema.org","@graph":[{"@type":"WebPage","@id":"https:\/\/www.sensorialsunsets.com\/fr\/faq\/pourquoi-le-costa-rica-na-pas-darmee\/","url":"https:\/\/www.sensorialsunsets.com\/fr\/faq\/pourquoi-le-costa-rica-na-pas-darmee\/","name":"Pourquoi le Costa Rica n'a pas d'arm\u00e9e? - SensorialSunsets","isPartOf":{"@id":"https:\/\/www.sensorialsunsets.com\/fr\/#website"},"datePublished":"2021-11-13T01:23:41+00:00","dateModified":"2021-11-15T22:31:49+00:00","breadcrumb":{"@id":"https:\/\/www.sensorialsunsets.com\/fr\/faq\/pourquoi-le-costa-rica-na-pas-darmee\/#breadcrumb"},"inLanguage":"fr-FR","potentialAction":[{"@type":"ReadAction","target":["https:\/\/www.sensorialsunsets.com\/fr\/faq\/pourquoi-le-costa-rica-na-pas-darmee\/"]}]},{"@type":"BreadcrumbList","@id":"https:\/\/www.sensorialsunsets.com\/fr\/faq\/pourquoi-le-costa-rica-na-pas-darmee\/#breadcrumb","itemListElement":[{"@type":"ListItem","position":1,"name":"FAQ","item":"https:\/\/www.sensorialsunsets.com\/fr\/faq\/"},{"@type":"ListItem","position":2,"name":"Pourquoi le Costa Rica n&rsquo;a pas d&rsquo;arm\u00e9e?"}]},{"@type":"WebSite","@id":"https:\/\/www.sensorialsunsets.com\/fr\/#website","url":"https:\/\/www.sensorialsunsets.com\/fr\/","name":"SensorialSunsets.com","description":"D\u00e9couvrez la culture et la soci\u00e9t\u00e9 du Costa Rica sur notre blog. Explorez des articles captivants et partagez le contenu.","publisher":{"@id":"https:\/\/www.sensorialsunsets.com\/fr\/#organization"},"alternateName":"Costa Rica Live Blog","potentialAction":[{"@type":"SearchAction","target":{"@type":"EntryPoint","urlTemplate":"https:\/\/www.sensorialsunsets.com\/fr\/?s={search_term_string}"},"query-input":{"@type":"PropertyValueSpecification","valueRequired":true,"valueName":"search_term_string"}}],"inLanguage":"fr-FR"},{"@type":"Organization","@id":"https:\/\/www.sensorialsunsets.com\/fr\/#organization","name":"SensorialSunsets","url":"https:\/\/www.sensorialsunsets.com\/fr\/","logo":{"@type":"ImageObject","inLanguage":"fr-FR","@id":"https:\/\/www.sensorialsunsets.com\/fr\/#\/schema\/logo\/image\/","url":"https:\/\/www.sensorialsunsets.com\/wp-content\/uploads\/2023\/04\/Logo_base_line_fond_clair.svg","contentUrl":"https:\/\/www.sensorialsunsets.com\/wp-content\/uploads\/2023\/04\/Logo_base_line_fond_clair.svg","width":"1024","height":"1024","caption":"SensorialSunsets"},"image":{"@id":"https:\/\/www.sensorialsunsets.com\/fr\/#\/schema\/logo\/image\/"},"sameAs":["https:\/\/www.facebook.com\/Sensorial-Sunsets-109180614715562","https:\/\/www.instagram.com\/sensorialsunsets\/"]}]}},"_links":{"self":[{"href":"https:\/\/www.sensorialsunsets.com\/fr\/wp-json\/wp\/v2\/faq\/763","targetHints":{"allow":["GET"]}}],"collection":[{"href":"https:\/\/www.sensorialsunsets.com\/fr\/wp-json\/wp\/v2\/faq"}],"about":[{"href":"https:\/\/www.sensorialsunsets.com\/fr\/wp-json\/wp\/v2\/types\/faq"}],"author":[{"embeddable":true,"href":"https:\/\/www.sensorialsunsets.com\/fr\/wp-json\/wp\/v2\/users\/1"}],"wp:attachment":[{"href":"https:\/\/www.sensorialsunsets.com\/fr\/wp-json\/wp\/v2\/media?parent=763"}],"curies":[{"name":"wp","href":"https:\/\/api.w.org\/{rel}","templated":true}]}}